{"id":207503,"date":"2023-01-07T18:09:16","date_gmt":"2023-01-07T17:09:16","guid":{"rendered":"https:\/\/atviajes.net\/?post_type=project&#038;p=207503"},"modified":"2025-09-09T12:47:52","modified_gmt":"2025-09-09T10:47:52","slug":"egipto-crucero-por-el-nilo-abu-simbel-en-bus-privado-2","status":"publish","type":"project","link":"https:\/\/atviajes.net\/?project=egipto-crucero-por-el-nilo-abu-simbel-en-bus-privado-2","title":{"rendered":"EGIPTO + CRUCERO POR EL NILO + ABU SIMBEL EN BUS PRIVADO"},"content":{"rendered":"<p>[et_pb_section fb_built=\u00bb1&#8243; _builder_version=\u00bb4.16&#8243; global_colors_info=\u00bb{}\u00bb][et_pb_row column_structure=\u00bb3_4,1_4&#8243; _builder_version=\u00bb4.16&#8243; background_size=\u00bbinitial\u00bb background_position=\u00bbtop_left\u00bb background_repeat=\u00bbrepeat\u00bb custom_margin=\u00bb22px||6px||false|false\u00bb global_colors_info=\u00bb{}\u00bb][et_pb_column type=\u00bb3_4&#8243; _builder_version=\u00bb4.16&#8243; custom_padding=\u00bb|||\u00bb global_colors_info=\u00bb{}\u00bb custom_padding__hover=\u00bb|||\u00bb][et_pb_post_title title=\u00bboff\u00bb meta=\u00bboff\u00bb featured_placement=\u00bbabove\u00bb _builder_version=\u00bb4.27.4&#8243; title_text_align=\u00bbcenter\u00bb title_text_color=\u00bb#c61b1b\u00bb title_font_size=\u00bb40px\u00bb meta_text_align=\u00bbcenter\u00bb text_orientation=\u00bbcenter\u00bb custom_margin=\u00bb21px||24px||false|false\u00bb custom_margin_tablet=\u00bb21px||24px||false|false\u00bb custom_margin_phone=\u00bb21px||24px||false|false\u00bb custom_margin_last_edited=\u00bbon|phone\u00bb custom_padding=\u00bb20px||||false|false\u00bb global_colors_info=\u00bb{}\u00bb][\/et_pb_post_title][et_pb_text _builder_version=\u00bb4.27.4&#8243; header_3_line_height=\u00bb2.1em\u00bb header_4_line_height=\u00bb1.8em\u00bb custom_margin=\u00bb10px||0px||false|false\u00bb custom_margin_tablet=\u00bb10px||0px||false|false\u00bb custom_margin_phone=\u00bb19px||0px||false|false\u00bb custom_margin_last_edited=\u00bbon|phone\u00bb header_font_size_tablet=\u00bb\u00bb header_font_size_phone=\u00bb16px\u00bb header_font_size_last_edited=\u00bbon|phone\u00bb header_2_font_size_tablet=\u00bb\u00bb header_2_font_size_phone=\u00bb15px\u00bb header_2_font_size_last_edited=\u00bbon|phone\u00bb header_3_font_size_tablet=\u00bb\u00bb header_3_font_size_phone=\u00bb17px\u00bb header_3_font_size_last_edited=\u00bbon|phone\u00bb header_4_font_size_tablet=\u00bb\u00bb header_4_font_size_phone=\u00bb14px\u00bb header_4_font_size_last_edited=\u00bbon|phone\u00bb global_colors_info=\u00bb{}\u00bb]<\/p>\n<h2 class=\"p1\" style=\"text-align: center;\"><span style=\"color: #800000;\"><b>VIAJE EN GRUPO con salida desde Murcia<\/b><\/span><\/h2>\n<h1 class=\"p1\" style=\"text-align: center;\"><span style=\"color: #800000;\"><b>EGIPTO + CRUCERO POR EL NILO + ABU<br \/>SIMBEL EN BUS PRIVADO (8 D\u00cdAS)<\/b><\/span><\/h1>\n<h3 style=\"text-align: center;\">DEL 04 ABRIL (S\u00c1BADO) AL 11 DE ABRIL (S\u00c1BADO) -2026<\/h3>\n<h4 style=\"text-align: center;\"><span style=\"color: #993300;\">(SEMANA FIESTAS DE PRIMAVERA EN MURCIA)<\/span><\/h4>\n<p>&nbsp;<\/p>\n<p>Debido a la alta demanda, y a que nuestro primer viaje a Egipto ya est\u00e1 completo, hemos abierto un nuevo viaje para nuestro incre\u00edble viaje tur\u00edstico a Egipto. \u00a1No te quedes sin tu plaza y vive una experiencia \u00fanica explorando las maravillas del antiguo Egipto!<\/p>\n<p data-start=\"108\" data-end=\"674\">El viaje comienza con un espectacular crucero de <strong>cuatro noches por el r\u00edo Nilo<\/strong> a bordo de una motonave de <strong>categor\u00eda 5* lujo<\/strong>, una experiencia \u00fanica para recorrer los tesoros del Antiguo Egipto desde el coraz\u00f3n de su cauce fluvial. El itinerario se completa con <strong>tres noches de estancia en El Cairo<\/strong>, en el exclusivo <strong>Marriott Hotel &amp; Omar Khayyam Casino 5*<\/strong>, donde el confort y la elegancia se combinan con una ubicaci\u00f3n privilegiada. Durante todo el viaje, los pasajeros disfrutar\u00e1n de <strong>pensi\u00f3n completa<\/strong>, garantizando as\u00ed una experiencia gastron\u00f3mica cuidada y variada.<\/p>\n<p data-start=\"676\" data-end=\"1152\">Entre las experiencias m\u00e1s destacadas figura la inolvidable <strong>excursi\u00f3n a Abu Simbel en bus privado<\/strong> para contemplar el amanecer en pleno desierto, un momento m\u00e1gico frente a los templos de Rams\u00e9s II y Nefertari. Todas las visitas se realizar\u00e1n con gu\u00eda privado, incluyendo radios y entradas, lo que asegura una experiencia cultural profunda y enriquecedora. Adem\u00e1s, una persona de AT Viajes acompa\u00f1ar\u00e1 al grupo en todo momento para ofrecer asistencia y atenci\u00f3n personalizada.<\/p>\n<p data-start=\"1154\" data-end=\"1347\">Los desplazamientos a\u00e9reos se efectuar\u00e1n con <strong>vuelos directos de la compa\u00f1\u00eda Egyptair<\/strong> en las rutas Madrid-Luxor, Aswan-Cairo y Cairo-Madrid, lo que brinda comodidad y rapidez en los trayectos.<\/p>\n<p data-start=\"1349\" data-end=\"1936\">El programa incorpora visitas novedosas y exclusivas, como la entrada al <strong>Gran Museo Egipcio<\/strong> (GEM), cuya inauguraci\u00f3n oficial est\u00e1 prevista para el 1 de noviembre de 2025, y al Museo Nacional de la Civilizaci\u00f3n Egipcia, donde se encuentra la c\u00e9lebre sala de las momias. Tambi\u00e9n se explorar\u00e1 el pintoresco barrio Copto en El Cairo, se disfrutar\u00e1 de un paseo nocturno con cena y espect\u00e1culo a bordo de un crucero por el Nilo como fiesta de despedida, y se recorrer\u00e1 la renovada Avenida de las Esfinges en Luxor, recientemente abierta al p\u00fablico tras un ambicioso proyecto de restauraci\u00f3n.<\/p>\n<p data-start=\"1938\" data-end=\"2079\">En conjunto, este itinerario combina historia, lujo y experiencias \u00fanicas, ofreciendo u<strong>n viaje inolvidable por las tierras de los faraones<\/strong>.<\/p>\n<p><strong>Y como siempre contaremos con un gu\u00eda de habla espa\u00f1ola y un delegado de\u00a0<span style=\"color: #993300;\">AT<\/span><\/strong><span style=\"color: #993300;\">VIAJES<\/span><strong>\u00a0durante todo el viaje.<\/strong><\/p>\n<p><strong>Si desea m\u00e1s informaci\u00f3n rellene el siguiente formulario y le mandaremos el programa completo.<\/strong><\/p>\n<p>[\/et_pb_text][et_pb_contact_form email=\u00bbantonio@atviajes.es\u00bb title=\u00bbM\u00e1s informaci\u00f3n sobre nuestros Viajes\u00bb custom_message=\u00bbEste es un mensaje del formulario de viajes||et_pb_line_break_holder||||et_pb_line_break_holder||Nombre: %%Field_1%%||et_pb_line_break_holder||||et_pb_line_break_holder||MAIL: %%Field_2%%||et_pb_line_break_holder||||et_pb_line_break_holder||Tel\u00e9fono: %%Field_3%%||et_pb_line_break_holder||||et_pb_line_break_holder||INTERES EN LOS VIAJES DE: %%Field_4%%||et_pb_line_break_holder||||et_pb_line_break_holder||Asunto: %%Field_5%%\u00bb success_message=\u00bbEn breve le mandaremos toda la informaci\u00f3n del viaje. Gracias por contactarnos. \u00bb submit_button_text=\u00bbENVIAR\u00bb module_id=\u00bbet_pb_contact_form_0&#8243; _builder_version=\u00bb4.27.4&#8243; _unique_id=\u00bb8050edba-6ae1-41ef-a820-de75f868fe83&#8243; custom_button=\u00bbon\u00bb button_text_color=\u00bb#ffffff\u00bb button_bg_color=\u00bb#c62c1b\u00bb custom_margin=\u00bb30px||||false|false\u00bb global_module=\u00bb204669&#8243; saved_tabs=\u00bball\u00bb global_colors_info=\u00bb{}\u00bb][et_pb_contact_field field_id=\u00bbField_1&#8243; field_title=\u00bbNombre\u00bb fullwidth_field=\u00bbon\u00bb _builder_version=\u00bb4.16&#8243; global_colors_info=\u00bb{}\u00bb button_text_size__hover_enabled=\u00bboff\u00bb button_one_text_size__hover_enabled=\u00bboff\u00bb button_two_text_size__hover_enabled=\u00bboff\u00bb button_text_color__hover_enabled=\u00bboff\u00bb button_one_text_color__hover_enabled=\u00bboff\u00bb button_two_text_color__hover_enabled=\u00bboff\u00bb button_border_width__hover_enabled=\u00bboff\u00bb button_one_border_width__hover_enabled=\u00bboff\u00bb button_two_border_width__hover_enabled=\u00bboff\u00bb button_border_color__hover_enabled=\u00bboff\u00bb button_one_border_color__hover_enabled=\u00bboff\u00bb button_two_border_color__hover_enabled=\u00bboff\u00bb button_border_radius__hover_enabled=\u00bboff\u00bb button_one_border_radius__hover_enabled=\u00bboff\u00bb button_two_border_radius__hover_enabled=\u00bboff\u00bb button_letter_spacing__hover_enabled=\u00bboff\u00bb button_one_letter_spacing__hover_enabled=\u00bboff\u00bb button_two_letter_spacing__hover_enabled=\u00bboff\u00bb button_bg_color__hover_enabled=\u00bboff\u00bb button_one_bg_color__hover_enabled=\u00bboff\u00bb button_two_bg_color__hover_enabled=\u00bboff\u00bb][\/et_pb_contact_field][et_pb_contact_field field_id=\u00bbField_2&#8243; field_title=\u00bbDirecci\u00f3n de correo electr\u00f3nico\u00bb field_type=\u00bbemail\u00bb fullwidth_field=\u00bbon\u00bb _builder_version=\u00bb4.16&#8243; global_colors_info=\u00bb{}\u00bb button_text_size__hover_enabled=\u00bboff\u00bb button_one_text_size__hover_enabled=\u00bboff\u00bb button_two_text_size__hover_enabled=\u00bboff\u00bb button_text_color__hover_enabled=\u00bboff\u00bb button_one_text_color__hover_enabled=\u00bboff\u00bb button_two_text_color__hover_enabled=\u00bboff\u00bb button_border_width__hover_enabled=\u00bboff\u00bb button_one_border_width__hover_enabled=\u00bboff\u00bb button_two_border_width__hover_enabled=\u00bboff\u00bb button_border_color__hover_enabled=\u00bboff\u00bb button_one_border_color__hover_enabled=\u00bboff\u00bb button_two_border_color__hover_enabled=\u00bboff\u00bb button_border_radius__hover_enabled=\u00bboff\u00bb button_one_border_radius__hover_enabled=\u00bboff\u00bb button_two_border_radius__hover_enabled=\u00bboff\u00bb button_letter_spacing__hover_enabled=\u00bboff\u00bb button_one_letter_spacing__hover_enabled=\u00bboff\u00bb button_two_letter_spacing__hover_enabled=\u00bboff\u00bb button_bg_color__hover_enabled=\u00bboff\u00bb button_one_bg_color__hover_enabled=\u00bboff\u00bb button_two_bg_color__hover_enabled=\u00bboff\u00bb][\/et_pb_contact_field][et_pb_contact_field field_id=\u00bbField_3&#8243; field_title=\u00bbTel\u00e9fono\u00bb fullwidth_field=\u00bbon\u00bb _builder_version=\u00bb4.16&#8243; global_colors_info=\u00bb{}\u00bb button_text_size__hover_enabled=\u00bboff\u00bb button_one_text_size__hover_enabled=\u00bboff\u00bb button_two_text_size__hover_enabled=\u00bboff\u00bb button_text_color__hover_enabled=\u00bboff\u00bb button_one_text_color__hover_enabled=\u00bboff\u00bb button_two_text_color__hover_enabled=\u00bboff\u00bb button_border_width__hover_enabled=\u00bboff\u00bb button_one_border_width__hover_enabled=\u00bboff\u00bb button_two_border_width__hover_enabled=\u00bboff\u00bb button_border_color__hover_enabled=\u00bboff\u00bb button_one_border_color__hover_enabled=\u00bboff\u00bb button_two_border_color__hover_enabled=\u00bboff\u00bb button_border_radius__hover_enabled=\u00bboff\u00bb button_one_border_radius__hover_enabled=\u00bboff\u00bb button_two_border_radius__hover_enabled=\u00bboff\u00bb button_letter_spacing__hover_enabled=\u00bboff\u00bb button_one_letter_spacing__hover_enabled=\u00bboff\u00bb button_two_letter_spacing__hover_enabled=\u00bboff\u00bb button_bg_color__hover_enabled=\u00bboff\u00bb button_one_bg_color__hover_enabled=\u00bboff\u00bb button_two_bg_color__hover_enabled=\u00bboff\u00bb][\/et_pb_contact_field][et_pb_contact_field field_id=\u00bbField_4&#8243; field_title=\u00bbSeleccione su Viaje\u00bb field_type=\u00bbcheckbox\u00bb checkbox_options=\u00bb%91{%22value%22:%22SAFARI EN KENIA  DEL 28 MARZO AL 03 ABRIL 2026.%22,%22checked%22:0,%22dragID%22:7},{%22value%22:%22EGIPTO + CRUCERO POR EL NILO + ABU SIMBEL EN BUS PRIVADO. DEL 04 ABRIL AL 11 DE ABRIL 2026%22,%22checked%22:0,%22dragID%22:-1},{%22value%22:%22ESTAMBUL DEL 05 AL 09 DE JUNIO 2026. (PUENTE DE LA REGI\u00d3N DE MURCIA)%22,%22checked%22:0,%22dragID%22:0},{%22value%22:%22RUMANIA. DEL 06 AL 09 DE JUNIO 2026. (PUENTE DE LA REGI\u00d3N DE MURCIA)%22,%22checked%22:0,%22dragID%22:1},{%22value%22:%22Las Monta\u00f1as Rocosas Canadienses y las Maravillas  de la Costa Oeste. DEL 04 AL 15 DE JULIO 2026%22,%22checked%22:0,%22dragID%22:2},{%22value%22:%22ISLANDIA DE NORTE A SUR. DEL 18 AL 25 DE JULIO-2026%22,%22checked%22:0,%22dragID%22:3},{%22value%22:%22CANAD\u00c1 COSTA ESTE + CATARATAS DEL NIAGARA. DEL 18 AL 28 DE JULIO 2026.%22,%22checked%22:0,%22dragID%22:4},{%22value%22:%22ISLANDIA DE SUR A NORTE. DEL 01 AL 08 DE AGOSTO-2026%22,%22checked%22:0,%22dragID%22:5},{%22value%22:%22ARGENTINA. DEL 03 AL 14 AGOSTO 2026%22,%22checked%22:0,%22dragID%22:6}%93&#8243; required_mark=\u00bboff\u00bb fullwidth_field=\u00bbon\u00bb _builder_version=\u00bb4.27.4&#8243; global_colors_info=\u00bb{}\u00bb button_text_size__hover_enabled=\u00bboff\u00bb button_one_text_size__hover_enabled=\u00bboff\u00bb button_two_text_size__hover_enabled=\u00bboff\u00bb button_text_color__hover_enabled=\u00bboff\u00bb button_one_text_color__hover_enabled=\u00bboff\u00bb button_two_text_color__hover_enabled=\u00bboff\u00bb button_border_width__hover_enabled=\u00bboff\u00bb button_one_border_width__hover_enabled=\u00bboff\u00bb button_two_border_width__hover_enabled=\u00bboff\u00bb button_border_color__hover_enabled=\u00bboff\u00bb button_one_border_color__hover_enabled=\u00bboff\u00bb button_two_border_color__hover_enabled=\u00bboff\u00bb button_border_radius__hover_enabled=\u00bboff\u00bb button_one_border_radius__hover_enabled=\u00bboff\u00bb button_two_border_radius__hover_enabled=\u00bboff\u00bb button_letter_spacing__hover_enabled=\u00bboff\u00bb button_one_letter_spacing__hover_enabled=\u00bboff\u00bb button_two_letter_spacing__hover_enabled=\u00bboff\u00bb button_bg_color__hover_enabled=\u00bboff\u00bb button_one_bg_color__hover_enabled=\u00bboff\u00bb button_two_bg_color__hover_enabled=\u00bboff\u00bb][\/et_pb_contact_field][et_pb_contact_field field_id=\u00bbField_5&#8243; field_title=\u00bbMensaje\u00bb field_type=\u00bbtext\u00bb fullwidth_field=\u00bbon\u00bb _builder_version=\u00bb4.16&#8243; global_colors_info=\u00bb{}\u00bb button_text_size__hover_enabled=\u00bboff\u00bb button_one_text_size__hover_enabled=\u00bboff\u00bb button_two_text_size__hover_enabled=\u00bboff\u00bb button_text_color__hover_enabled=\u00bboff\u00bb button_one_text_color__hover_enabled=\u00bboff\u00bb button_two_text_color__hover_enabled=\u00bboff\u00bb button_border_width__hover_enabled=\u00bboff\u00bb button_one_border_width__hover_enabled=\u00bboff\u00bb button_two_border_width__hover_enabled=\u00bboff\u00bb button_border_color__hover_enabled=\u00bboff\u00bb button_one_border_color__hover_enabled=\u00bboff\u00bb button_two_border_color__hover_enabled=\u00bboff\u00bb button_border_radius__hover_enabled=\u00bboff\u00bb button_one_border_radius__hover_enabled=\u00bboff\u00bb button_two_border_radius__hover_enabled=\u00bboff\u00bb button_letter_spacing__hover_enabled=\u00bboff\u00bb button_one_letter_spacing__hover_enabled=\u00bboff\u00bb button_two_letter_spacing__hover_enabled=\u00bboff\u00bb button_bg_color__hover_enabled=\u00bboff\u00bb button_one_bg_color__hover_enabled=\u00bboff\u00bb button_two_bg_color__hover_enabled=\u00bboff\u00bb][\/et_pb_contact_field][et_pb_contact_field field_id=\u00bbField_7&#8243; field_title=\u00bbSUSCRIPCI\u00d3N NEWSLETTER\u00bb field_type=\u00bbradio\u00bb radio_options=\u00bb%91{%22value%22:%22Le informamos que los datos de car\u00e1cter personal proporcionados a trav\u00e9s del presente formulario, ser\u00e1n tratados por AT VIAJES como responsable de esta web. La finalidad de la recogida y tratamiento de los datos personales que le solicitamos es la de la suscripci\u00f3n a nuestro newsletter, que ser\u00e1 enviado a su email de registro. La legitimaci\u00f3n del consentimiento se realiza a trav\u00e9s de la marcaci\u00f3n de la casilla. Los datos facilitados estar\u00e1n ubicados en los servidores con medidas de seguridad seg\u00fan NRGPD y Ley 3\/2018. Ud. podr\u00e1 ejercer los derechos de acceso, rectificaci\u00f3n, cancelaci\u00f3n y oposici\u00f3n, as\u00ed como el de portabilidad, limitaci\u00f3n y retirada, utilizando los formularios habilitados que disponemos para ellos solicit\u00e1ndolos al email viajes@atviajes.es, as\u00ed como el derecho de presentar una reclamaci\u00f3n ante una autoridad de control. Puede consultar la informaci\u00f3n adicional y detallada sobre Protecci\u00f3n de Datos en nuestra Pol\u00edtica de privacidad %22,%22checked%22:1,%22dragID%22:-1}%93&#8243; required_mark=\u00bboff\u00bb fullwidth_field=\u00bbon\u00bb _builder_version=\u00bb4.16&#8243; _module_preset=\u00bbdefault\u00bb form_field_font_size=\u00bb9px\u00bb text_orientation=\u00bbleft\u00bb global_colors_info=\u00bb{}\u00bb][\/et_pb_contact_field][et_pb_contact_field field_id=\u00bbField_6&#8243; field_title=\u00bbAcepto\u00bb field_type=\u00bbcheckbox\u00bb checkbox_options=\u00bb%91{%22value%22:%22He le\u00eddo y acepto la pol\u00edtica de privacidad%22,%22checked%22:0,%22dragID%22:-1,%22link_url%22:%22http:\/\/atviajes.net\/?page_id=204841%22}%93&#8243; fullwidth_field=\u00bbon\u00bb _builder_version=\u00bb4.16&#8243; global_colors_info=\u00bb{}\u00bb button_text_size__hover_enabled=\u00bboff\u00bb button_one_text_size__hover_enabled=\u00bboff\u00bb button_two_text_size__hover_enabled=\u00bboff\u00bb button_text_color__hover_enabled=\u00bboff\u00bb button_one_text_color__hover_enabled=\u00bboff\u00bb button_two_text_color__hover_enabled=\u00bboff\u00bb button_border_width__hover_enabled=\u00bboff\u00bb button_one_border_width__hover_enabled=\u00bboff\u00bb button_two_border_width__hover_enabled=\u00bboff\u00bb button_border_color__hover_enabled=\u00bboff\u00bb button_one_border_color__hover_enabled=\u00bboff\u00bb button_two_border_color__hover_enabled=\u00bboff\u00bb button_border_radius__hover_enabled=\u00bboff\u00bb button_one_border_radius__hover_enabled=\u00bboff\u00bb button_two_border_radius__hover_enabled=\u00bboff\u00bb button_letter_spacing__hover_enabled=\u00bboff\u00bb button_one_letter_spacing__hover_enabled=\u00bboff\u00bb button_two_letter_spacing__hover_enabled=\u00bboff\u00bb button_bg_color__hover_enabled=\u00bboff\u00bb button_one_bg_color__hover_enabled=\u00bboff\u00bb button_two_bg_color__hover_enabled=\u00bboff\u00bb][\/et_pb_contact_field][\/et_pb_contact_form][\/et_pb_column][et_pb_column type=\u00bb1_4&#8243; _builder_version=\u00bb4.16&#8243; custom_padding=\u00bb|||\u00bb global_colors_info=\u00bb{}\u00bb custom_padding__hover=\u00bb|||\u00bb][et_pb_portfolio include_categories=\u00bb166,179,178,180,181&#8243; show_pagination=\u00bboff\u00bb module_id=\u00bbsidebar-projects\u00bb module_class=\u00bbsidebar-projects\u00bb _builder_version=\u00bb4.27.4&#8243; title_level=\u00bbh4&#8243; caption_font=\u00bb|800|||||||\u00bb caption_text_color=\u00bb#c91c3e\u00bb caption_font_size=\u00bb20&#8243; text_orientation=\u00bbcenter\u00bb border_radii_image=\u00bbon|15px|15px|15px|15px\u00bb global_module=\u00bb204998&#8243; saved_tabs=\u00bball\u00bb global_colors_info=\u00bb{}\u00bb][\/et_pb_portfolio][\/et_pb_column][\/et_pb_row][\/et_pb_section]<\/p>\n<span class=\"et_bloom_bottom_trigger\"><\/span>","protected":false},"excerpt":{"rendered":"<p>DEL 04 ABRIL AL 11 DE ABRIL -2026<br \/>\n(SEMANA FIESTAS DE PRIMAVERA EN MURCIA) 8 D\u00cdAS<\/p>\n","protected":false},"author":3,"featured_media":207619,"comment_status":"closed","ping_status":"closed","template":"","meta":{"_et_pb_use_builder":"on","_et_pb_old_content":"","_et_gb_content_width":"","_joinchat":[],"footnotes":""},"project_category":[166],"project_tag":[],"class_list":["post-207503","project","type-project","status-publish","has-post-thumbnail","hentry","project_category-abril"],"_links":{"self":[{"href":"https:\/\/atviajes.net\/index.php?rest_route=\/wp\/v2\/project\/207503","targetHints":{"allow":["GET"]}}],"collection":[{"href":"https:\/\/atviajes.net\/index.php?rest_route=\/wp\/v2\/project"}],"about":[{"href":"https:\/\/atviajes.net\/index.php?rest_route=\/wp\/v2\/types\/project"}],"author":[{"embeddable":true,"href":"https:\/\/atviajes.net\/index.php?rest_route=\/wp\/v2\/users\/3"}],"replies":[{"embeddable":true,"href":"https:\/\/atviajes.net\/index.php?rest_route=%2Fwp%2Fv2%2Fcomments&post=207503"}],"version-history":[{"count":17,"href":"https:\/\/atviajes.net\/index.php?rest_route=\/wp\/v2\/project\/207503\/revisions"}],"predecessor-version":[{"id":207691,"href":"https:\/\/atviajes.net\/index.php?rest_route=\/wp\/v2\/project\/207503\/revisions\/207691"}],"wp:featuredmedia":[{"embeddable":true,"href":"https:\/\/atviajes.net\/index.php?rest_route=\/wp\/v2\/media\/207619"}],"wp:attachment":[{"href":"https:\/\/atviajes.net\/index.php?rest_route=%2Fwp%2Fv2%2Fmedia&parent=207503"}],"wp:term":[{"taxonomy":"project_category","embeddable":true,"href":"https:\/\/atviajes.net\/index.php?rest_route=%2Fwp%2Fv2%2Fproject_category&post=207503"},{"taxonomy":"project_tag","embeddable":true,"href":"https:\/\/atviajes.net\/index.php?rest_route=%2Fwp%2Fv2%2Fproject_tag&post=207503"}],"curies":[{"name":"wp","href":"https:\/\/api.w.org\/{rel}","templated":true}]}}