{"id":207645,"date":"2025-09-09T09:58:04","date_gmt":"2025-09-09T07:58:04","guid":{"rendered":"https:\/\/atviajes.net\/?post_type=project&#038;p=207645"},"modified":"2026-03-30T10:08:29","modified_gmt":"2026-03-30T08:08:29","slug":"islandia-de-sur-a-norte","status":"publish","type":"project","link":"https:\/\/atviajes.net\/?project=islandia-de-sur-a-norte","title":{"rendered":"ISLANDIA DE SUR A NORTE"},"content":{"rendered":"<p>[et_pb_section fb_built=\u00bb1&#8243; _builder_version=\u00bb4.16&#8243; global_colors_info=\u00bb{}\u00bb][et_pb_row column_structure=\u00bb3_4,1_4&#8243; _builder_version=\u00bb4.16&#8243; background_size=\u00bbinitial\u00bb background_position=\u00bbtop_left\u00bb background_repeat=\u00bbrepeat\u00bb custom_margin=\u00bb22px||6px||false|false\u00bb global_colors_info=\u00bb{}\u00bb][et_pb_column type=\u00bb3_4&#8243; _builder_version=\u00bb4.16&#8243; custom_padding=\u00bb|||\u00bb global_colors_info=\u00bb{}\u00bb custom_padding__hover=\u00bb|||\u00bb][et_pb_post_title meta=\u00bboff\u00bb featured_placement=\u00bbabove\u00bb _builder_version=\u00bb4.24.0&#8243; title_text_align=\u00bbcenter\u00bb title_text_color=\u00bb#c61b1b\u00bb title_font_size=\u00bb40px\u00bb title_line_height=\u00bb1.4em\u00bb meta_text_align=\u00bbcenter\u00bb text_orientation=\u00bbcenter\u00bb custom_margin=\u00bb0px||8px||false|false\u00bb custom_padding=\u00bb20px||0px||false|false\u00bb global_colors_info=\u00bb{}\u00bb][\/et_pb_post_title][et_pb_text _builder_version=\u00bb4.27.6&#8243; header_3_line_height=\u00bb2.1em\u00bb header_4_line_height=\u00bb1.8em\u00bb custom_margin=\u00bb-7px||5px|\u00bb global_colors_info=\u00bb{}\u00bb]<\/p>\n<h1 class=\"p1\" style=\"text-align: center;\"><span style=\"color: #800000;\"><b>VIAJE EN GRUPO con salida desde Murcia<\/b><\/span><\/h1>\n<h2 style=\"text-align: center;\"><strong>DEL 1 AL 8 DE AGOSTO 2026 (11 D\u00cdAS)<\/strong><\/h2>\n<p data-start=\"130\" data-end=\"672\">El viaje a <strong data-start=\"141\" data-end=\"168\">Islandia de norte a sur<\/strong> ofrece un recorrido completo por los <strong data-start=\"206\" data-end=\"248\">paisajes m\u00e1s impresionantes de la isla<\/strong>. Tras la salida desde Murcia y vuelo directo a <strong data-start=\"296\" data-end=\"309\">Reikiavik<\/strong>, comienza la ruta hacia el norte, pasando por <strong data-start=\"356\" data-end=\"379\">cr\u00e1teres volc\u00e1nicos<\/strong>, <strong data-start=\"381\" data-end=\"392\">ca\u00f1ones<\/strong> y <strong data-start=\"395\" data-end=\"407\">cascadas<\/strong> hasta llegar a <strong data-start=\"423\" data-end=\"435\">Akureyri<\/strong>, la capital del norte. Desde all\u00ed se explora el <strong data-start=\"484\" data-end=\"499\">lago M\u00fdvatn<\/strong>, famoso por sus <strong data-start=\"516\" data-end=\"542\">formaciones volc\u00e1nicas<\/strong>, <strong data-start=\"544\" data-end=\"562\">pseudocr\u00e1teres<\/strong>, <strong data-start=\"564\" data-end=\"582\">campos de lava<\/strong> y <strong data-start=\"585\" data-end=\"598\">fumarolas<\/strong>, con la experiencia \u00fanica de un <strong data-start=\"631\" data-end=\"669\">ba\u00f1o termal en Myvatn Nature Baths<\/strong>.<\/p>\n<p data-start=\"674\" data-end=\"1153\">En <strong data-start=\"677\" data-end=\"688\">H\u00fasav\u00edk<\/strong> y la pen\u00ednsula de <strong data-start=\"707\" data-end=\"718\">Tj\u00f6rnes<\/strong> se contempla la <strong data-start=\"735\" data-end=\"758\">garganta de \u00c1sbyrgi<\/strong> y la imponente <strong data-start=\"774\" data-end=\"795\">cascada Dettifoss<\/strong>, antes de continuar hacia los <strong data-start=\"826\" data-end=\"846\">fiordos del este<\/strong> y el <strong data-start=\"852\" data-end=\"875\">glaciar Vatnaj\u00f6kull<\/strong>, el mayor de Europa. El viaje sigue con la <strong data-start=\"919\" data-end=\"981\">navegaci\u00f3n entre icebergs en la laguna glaciar J\u00f6kuls\u00e1rl\u00f3n<\/strong>, la visita al <strong data-start=\"996\" data-end=\"1029\">Parque Nacional de Skaftafell<\/strong> y el recorrido por la <strong data-start=\"1052\" data-end=\"1082\">playa negra de Reynisfjara<\/strong>, adem\u00e1s de las emblem\u00e1ticas <strong data-start=\"1111\" data-end=\"1150\">cascadas Sk\u00f3gafoss y Seljalandsfoss<\/strong>.<\/p>\n<p data-start=\"1155\" data-end=\"1502\">El recorrido culmina en el famoso <strong data-start=\"1189\" data-end=\"1207\">C\u00edrculo de Oro<\/strong>: los <strong data-start=\"1213\" data-end=\"1243\">g\u00e9iseres Strokkur y Geysir<\/strong>, la majestuosa <strong data-start=\"1259\" data-end=\"1279\">cascada Gullfoss<\/strong> y el <strong data-start=\"1285\" data-end=\"1318\">Parque Nacional de \u00deingvellir<\/strong>, donde se unen historia y naturaleza. Finalmente, <strong data-start=\"1369\" data-end=\"1382\">Reikiavik<\/strong> ofrece una visita a su <strong data-start=\"1406\" data-end=\"1426\">centro hist\u00f3rico<\/strong> antes del regreso a Espa\u00f1a, con el recuerdo de <strong data-start=\"1474\" data-end=\"1499\">paisajes inolvidables<\/strong>.<\/p>\n<p>Y como siempre contaremos con un gu\u00eda de habla espa\u00f1ola y un delegado de <span style=\"color: #800000;\">AT <strong>VIAJES <\/strong><\/span>durante todo el viaje.<\/p>\n<p><strong>Si desea m\u00e1s informaci\u00f3n rellene el siguiente formulario y le mandaremos el programa completo.<\/strong><\/p>\n<p>[\/et_pb_text][et_pb_contact_form email=\u00bbantonio@atviajes.es\u00bb title=\u00bbM\u00e1s informaci\u00f3n sobre nuestros Viajes\u00bb custom_message=\u00bbEste es un mensaje del formulario de viajes||et_pb_line_break_holder||||et_pb_line_break_holder||Nombre: %%Field_1%%||et_pb_line_break_holder||||et_pb_line_break_holder||MAIL: %%Field_2%%||et_pb_line_break_holder||||et_pb_line_break_holder||Tel\u00e9fono: %%Field_3%%||et_pb_line_break_holder||||et_pb_line_break_holder||INTERES EN LOS VIAJES DE: %%Field_4%%||et_pb_line_break_holder||||et_pb_line_break_holder||Asunto: %%Field_5%%\u00bb success_message=\u00bbEn breve le mandaremos toda la informaci\u00f3n del viaje. Gracias por contactarnos. \u00bb submit_button_text=\u00bbENVIAR\u00bb module_id=\u00bbet_pb_contact_form_0&#8243; _builder_version=\u00bb4.27.5&#8243; _unique_id=\u00bb8050edba-6ae1-41ef-a820-de75f868fe83&#8243; custom_button=\u00bbon\u00bb button_text_color=\u00bb#ffffff\u00bb button_bg_color=\u00bb#c62c1b\u00bb custom_margin=\u00bb30px||||false|false\u00bb global_module=\u00bb204669&#8243; saved_tabs=\u00bball\u00bb global_colors_info=\u00bb{}\u00bb][et_pb_contact_field field_id=\u00bbField_1&#8243; field_title=\u00bbNombre\u00bb fullwidth_field=\u00bbon\u00bb _builder_version=\u00bb4.16&#8243; global_colors_info=\u00bb{}\u00bb button_text_size__hover_enabled=\u00bboff\u00bb button_one_text_size__hover_enabled=\u00bboff\u00bb button_two_text_size__hover_enabled=\u00bboff\u00bb button_text_color__hover_enabled=\u00bboff\u00bb button_one_text_color__hover_enabled=\u00bboff\u00bb button_two_text_color__hover_enabled=\u00bboff\u00bb button_border_width__hover_enabled=\u00bboff\u00bb button_one_border_width__hover_enabled=\u00bboff\u00bb button_two_border_width__hover_enabled=\u00bboff\u00bb button_border_color__hover_enabled=\u00bboff\u00bb button_one_border_color__hover_enabled=\u00bboff\u00bb button_two_border_color__hover_enabled=\u00bboff\u00bb button_border_radius__hover_enabled=\u00bboff\u00bb button_one_border_radius__hover_enabled=\u00bboff\u00bb button_two_border_radius__hover_enabled=\u00bboff\u00bb button_letter_spacing__hover_enabled=\u00bboff\u00bb button_one_letter_spacing__hover_enabled=\u00bboff\u00bb button_two_letter_spacing__hover_enabled=\u00bboff\u00bb button_bg_color__hover_enabled=\u00bboff\u00bb button_one_bg_color__hover_enabled=\u00bboff\u00bb button_two_bg_color__hover_enabled=\u00bboff\u00bb][\/et_pb_contact_field][et_pb_contact_field field_id=\u00bbField_2&#8243; field_title=\u00bbDirecci\u00f3n de correo electr\u00f3nico\u00bb field_type=\u00bbemail\u00bb fullwidth_field=\u00bbon\u00bb _builder_version=\u00bb4.16&#8243; global_colors_info=\u00bb{}\u00bb button_text_size__hover_enabled=\u00bboff\u00bb button_one_text_size__hover_enabled=\u00bboff\u00bb button_two_text_size__hover_enabled=\u00bboff\u00bb button_text_color__hover_enabled=\u00bboff\u00bb button_one_text_color__hover_enabled=\u00bboff\u00bb button_two_text_color__hover_enabled=\u00bboff\u00bb button_border_width__hover_enabled=\u00bboff\u00bb button_one_border_width__hover_enabled=\u00bboff\u00bb button_two_border_width__hover_enabled=\u00bboff\u00bb button_border_color__hover_enabled=\u00bboff\u00bb button_one_border_color__hover_enabled=\u00bboff\u00bb button_two_border_color__hover_enabled=\u00bboff\u00bb button_border_radius__hover_enabled=\u00bboff\u00bb button_one_border_radius__hover_enabled=\u00bboff\u00bb button_two_border_radius__hover_enabled=\u00bboff\u00bb button_letter_spacing__hover_enabled=\u00bboff\u00bb button_one_letter_spacing__hover_enabled=\u00bboff\u00bb button_two_letter_spacing__hover_enabled=\u00bboff\u00bb button_bg_color__hover_enabled=\u00bboff\u00bb button_one_bg_color__hover_enabled=\u00bboff\u00bb button_two_bg_color__hover_enabled=\u00bboff\u00bb][\/et_pb_contact_field][et_pb_contact_field field_id=\u00bbField_3&#8243; field_title=\u00bbTel\u00e9fono\u00bb fullwidth_field=\u00bbon\u00bb _builder_version=\u00bb4.16&#8243; global_colors_info=\u00bb{}\u00bb button_text_size__hover_enabled=\u00bboff\u00bb button_one_text_size__hover_enabled=\u00bboff\u00bb button_two_text_size__hover_enabled=\u00bboff\u00bb button_text_color__hover_enabled=\u00bboff\u00bb button_one_text_color__hover_enabled=\u00bboff\u00bb button_two_text_color__hover_enabled=\u00bboff\u00bb button_border_width__hover_enabled=\u00bboff\u00bb button_one_border_width__hover_enabled=\u00bboff\u00bb button_two_border_width__hover_enabled=\u00bboff\u00bb button_border_color__hover_enabled=\u00bboff\u00bb button_one_border_color__hover_enabled=\u00bboff\u00bb button_two_border_color__hover_enabled=\u00bboff\u00bb button_border_radius__hover_enabled=\u00bboff\u00bb button_one_border_radius__hover_enabled=\u00bboff\u00bb button_two_border_radius__hover_enabled=\u00bboff\u00bb button_letter_spacing__hover_enabled=\u00bboff\u00bb button_one_letter_spacing__hover_enabled=\u00bboff\u00bb button_two_letter_spacing__hover_enabled=\u00bboff\u00bb button_bg_color__hover_enabled=\u00bboff\u00bb button_one_bg_color__hover_enabled=\u00bboff\u00bb button_two_bg_color__hover_enabled=\u00bboff\u00bb][\/et_pb_contact_field][et_pb_contact_field field_id=\u00bbField_4&#8243; field_title=\u00bbSeleccione su Viaje\u00bb field_type=\u00bbcheckbox\u00bb checkbox_options=\u00bb%91{%22value%22:%22SAFARI EN KENIA  DEL 28 MARZO AL 03 ABRIL 2026.%22,%22checked%22:0,%22dragID%22:-1},{%22value%22:%22EGIPTO + CRUCERO POR EL NILO + ABU SIMBEL EN BUS PRIVADO. DEL 04 ABRIL AL 11 DE ABRIL 2026%22,%22checked%22:0,%22dragID%22:0},{%22value%22:%22ESTAMBUL DEL 05 AL 09 DE JUNIO 2026. (PUENTE DE LA REGI\u00d3N DE MURCIA)%22,%22checked%22:0,%22dragID%22:1},{%22value%22:%22CROACIA CULTURAL DEL 05 AL 09 DE JUNIO 2026. (PUENTE DE LA REGI\u00d3N DE MURCIA)%22,%22checked%22:0,%22dragID%22:2},{%22value%22:%22RUMANIA. DEL 06 AL 09 DE JUNIO 2026. (PUENTE DE LA REGI\u00d3N DE MURCIA)%22,%22checked%22:0,%22dragID%22:3},{%22value%22:%22Las Monta\u00f1as Rocosas Canadienses y las Maravillas  de la Costa Oeste. DEL 04 AL 15 DE JULIO 2026%22,%22checked%22:0,%22dragID%22:4},{%22value%22:%22ISLANDIA DE NORTE A SUR. DEL 18 AL 25 DE JULIO-2026%22,%22checked%22:0,%22dragID%22:5},{%22value%22:%22CANAD\u00c1 COSTA ESTE + CATARATAS DEL NIAGARA. DEL 18 AL 28 DE JULIO 2026.%22,%22checked%22:0,%22dragID%22:6},{%22value%22:%22ISLANDIA DE SUR A NORTE. DEL 01 AL 08 DE AGOSTO-2026%22,%22checked%22:0,%22dragID%22:7},{%22value%22:%22SRI LANKA (%92%22Perla del \u00cdndico%92%22) DEL 01 AL 16 DE AGOSTO 2026 (16 D\u00cdAS)%22,%22checked%22:0,%22dragID%22:8},{%22value%22:%22ARGENTINA. DEL 03 AL 14 AGOSTO 2026%22,%22checked%22:0,%22dragID%22:9},{%22value%22:%22DUBAI: AVENTURAS EN EL DESIERTO Y UN VIAJE AL FUTURO DEL 02 AL 08 DE DICIEMBRE (7 D\u00cdAS)%22,%22checked%22:0,%22dragID%22:10},{%22value%22:%22BERLIN: HISTORIA VIVA DEL SIGLO XX Y MERCADILLOS DE NAVIDAD. DEL 04 AL 08 DE DICIEMBRE (5 D\u00cdAS) %22,%22checked%22:0,%22dragID%22:11},{%22value%22:%22APULIA (EN ITALIANO PUGLIA), \u201cEL TAC\u00d3N DE LA BOTA DE ITALIA\u201d DEL 03 AL 07 DE DICIEMBRE 2026 (5 D\u00cdAS)%22,%22checked%22:0,%22dragID%22:12},{%22value%22:%22ESTAMBUL DEL 04 AL 08 DE DICIEMBRE 2026 (5 DIAS)%22,%22checked%22:0,%22dragID%22:13}%93&#8243; required_mark=\u00bboff\u00bb fullwidth_field=\u00bbon\u00bb _builder_version=\u00bb4.27.5&#8243; global_colors_info=\u00bb{}\u00bb button_text_size__hover_enabled=\u00bboff\u00bb button_one_text_size__hover_enabled=\u00bboff\u00bb button_two_text_size__hover_enabled=\u00bboff\u00bb button_text_color__hover_enabled=\u00bboff\u00bb button_one_text_color__hover_enabled=\u00bboff\u00bb button_two_text_color__hover_enabled=\u00bboff\u00bb button_border_width__hover_enabled=\u00bboff\u00bb button_one_border_width__hover_enabled=\u00bboff\u00bb button_two_border_width__hover_enabled=\u00bboff\u00bb button_border_color__hover_enabled=\u00bboff\u00bb button_one_border_color__hover_enabled=\u00bboff\u00bb button_two_border_color__hover_enabled=\u00bboff\u00bb button_border_radius__hover_enabled=\u00bboff\u00bb button_one_border_radius__hover_enabled=\u00bboff\u00bb button_two_border_radius__hover_enabled=\u00bboff\u00bb button_letter_spacing__hover_enabled=\u00bboff\u00bb button_one_letter_spacing__hover_enabled=\u00bboff\u00bb button_two_letter_spacing__hover_enabled=\u00bboff\u00bb button_bg_color__hover_enabled=\u00bboff\u00bb button_one_bg_color__hover_enabled=\u00bboff\u00bb button_two_bg_color__hover_enabled=\u00bboff\u00bb][\/et_pb_contact_field][et_pb_contact_field field_id=\u00bbField_5&#8243; field_title=\u00bbMensaje\u00bb field_type=\u00bbtext\u00bb fullwidth_field=\u00bbon\u00bb _builder_version=\u00bb4.16&#8243; global_colors_info=\u00bb{}\u00bb button_text_size__hover_enabled=\u00bboff\u00bb button_one_text_size__hover_enabled=\u00bboff\u00bb button_two_text_size__hover_enabled=\u00bboff\u00bb button_text_color__hover_enabled=\u00bboff\u00bb button_one_text_color__hover_enabled=\u00bboff\u00bb button_two_text_color__hover_enabled=\u00bboff\u00bb button_border_width__hover_enabled=\u00bboff\u00bb button_one_border_width__hover_enabled=\u00bboff\u00bb button_two_border_width__hover_enabled=\u00bboff\u00bb button_border_color__hover_enabled=\u00bboff\u00bb button_one_border_color__hover_enabled=\u00bboff\u00bb button_two_border_color__hover_enabled=\u00bboff\u00bb button_border_radius__hover_enabled=\u00bboff\u00bb button_one_border_radius__hover_enabled=\u00bboff\u00bb button_two_border_radius__hover_enabled=\u00bboff\u00bb button_letter_spacing__hover_enabled=\u00bboff\u00bb button_one_letter_spacing__hover_enabled=\u00bboff\u00bb button_two_letter_spacing__hover_enabled=\u00bboff\u00bb button_bg_color__hover_enabled=\u00bboff\u00bb button_one_bg_color__hover_enabled=\u00bboff\u00bb button_two_bg_color__hover_enabled=\u00bboff\u00bb][\/et_pb_contact_field][et_pb_contact_field field_id=\u00bbField_7&#8243; field_title=\u00bbSUSCRIPCI\u00d3N NEWSLETTER\u00bb field_type=\u00bbradio\u00bb radio_options=\u00bb%91{%22value%22:%22Le informamos que los datos de car\u00e1cter personal proporcionados a trav\u00e9s del presente formulario, ser\u00e1n tratados por AT VIAJES como responsable de esta web. La finalidad de la recogida y tratamiento de los datos personales que le solicitamos es la de la suscripci\u00f3n a nuestro newsletter, que ser\u00e1 enviado a su email de registro. La legitimaci\u00f3n del consentimiento se realiza a trav\u00e9s de la marcaci\u00f3n de la casilla. Los datos facilitados estar\u00e1n ubicados en los servidores con medidas de seguridad seg\u00fan NRGPD y Ley 3\/2018. Ud. podr\u00e1 ejercer los derechos de acceso, rectificaci\u00f3n, cancelaci\u00f3n y oposici\u00f3n, as\u00ed como el de portabilidad, limitaci\u00f3n y retirada, utilizando los formularios habilitados que disponemos para ellos solicit\u00e1ndolos al email viajes@atviajes.es, as\u00ed como el derecho de presentar una reclamaci\u00f3n ante una autoridad de control. Puede consultar la informaci\u00f3n adicional y detallada sobre Protecci\u00f3n de Datos en nuestra Pol\u00edtica de privacidad %22,%22checked%22:1,%22dragID%22:-1}%93&#8243; required_mark=\u00bboff\u00bb fullwidth_field=\u00bbon\u00bb _builder_version=\u00bb4.16&#8243; _module_preset=\u00bbdefault\u00bb form_field_font_size=\u00bb9px\u00bb text_orientation=\u00bbleft\u00bb global_colors_info=\u00bb{}\u00bb][\/et_pb_contact_field][et_pb_contact_field field_id=\u00bbField_6&#8243; field_title=\u00bbAcepto\u00bb field_type=\u00bbcheckbox\u00bb checkbox_options=\u00bb%91{%22value%22:%22He le\u00eddo y acepto la pol\u00edtica de privacidad%22,%22checked%22:0,%22dragID%22:-1,%22link_url%22:%22http:\/\/atviajes.net\/?page_id=204841%22}%93&#8243; fullwidth_field=\u00bbon\u00bb _builder_version=\u00bb4.16&#8243; global_colors_info=\u00bb{}\u00bb button_text_size__hover_enabled=\u00bboff\u00bb button_one_text_size__hover_enabled=\u00bboff\u00bb button_two_text_size__hover_enabled=\u00bboff\u00bb button_text_color__hover_enabled=\u00bboff\u00bb button_one_text_color__hover_enabled=\u00bboff\u00bb button_two_text_color__hover_enabled=\u00bboff\u00bb button_border_width__hover_enabled=\u00bboff\u00bb button_one_border_width__hover_enabled=\u00bboff\u00bb button_two_border_width__hover_enabled=\u00bboff\u00bb button_border_color__hover_enabled=\u00bboff\u00bb button_one_border_color__hover_enabled=\u00bboff\u00bb button_two_border_color__hover_enabled=\u00bboff\u00bb button_border_radius__hover_enabled=\u00bboff\u00bb button_one_border_radius__hover_enabled=\u00bboff\u00bb button_two_border_radius__hover_enabled=\u00bboff\u00bb button_letter_spacing__hover_enabled=\u00bboff\u00bb button_one_letter_spacing__hover_enabled=\u00bboff\u00bb button_two_letter_spacing__hover_enabled=\u00bboff\u00bb button_bg_color__hover_enabled=\u00bboff\u00bb button_one_bg_color__hover_enabled=\u00bboff\u00bb button_two_bg_color__hover_enabled=\u00bboff\u00bb][\/et_pb_contact_field][\/et_pb_contact_form][\/et_pb_column][et_pb_column type=\u00bb1_4&#8243; _builder_version=\u00bb4.16&#8243; custom_padding=\u00bb|||\u00bb global_colors_info=\u00bb{}\u00bb custom_padding__hover=\u00bb|||\u00bb][et_pb_portfolio include_categories=\u00bb166,179,178,180,181&#8243; show_pagination=\u00bboff\u00bb module_id=\u00bbsidebar-projects\u00bb module_class=\u00bbsidebar-projects\u00bb _builder_version=\u00bb4.27.4&#8243; title_level=\u00bbh4&#8243; caption_font=\u00bb|800|||||||\u00bb caption_text_color=\u00bb#c91c3e\u00bb caption_font_size=\u00bb20&#8243; text_orientation=\u00bbcenter\u00bb border_radii_image=\u00bbon|15px|15px|15px|15px\u00bb global_module=\u00bb204998&#8243; saved_tabs=\u00bball\u00bb global_colors_info=\u00bb{}\u00bb][\/et_pb_portfolio][\/et_pb_column][\/et_pb_row][\/et_pb_section]<\/p>\n<span class=\"et_bloom_bottom_trigger\"><\/span>","protected":false},"excerpt":{"rendered":"<p>DEL 01 AL 08 DE AGOSTO-2026<br \/>\n(8 d\u00edas)<\/p>\n","protected":false},"author":3,"featured_media":207649,"comment_status":"closed","ping_status":"closed","template":"","meta":{"_et_pb_use_builder":"on","_et_pb_old_content":"","_et_gb_content_width":"","_joinchat":[],"footnotes":""},"project_category":[180],"project_tag":[],"class_list":["post-207645","project","type-project","status-publish","has-post-thumbnail","hentry","project_category-agosto-2025"],"_links":{"self":[{"href":"https:\/\/atviajes.net\/index.php?rest_route=\/wp\/v2\/project\/207645","targetHints":{"allow":["GET"]}}],"collection":[{"href":"https:\/\/atviajes.net\/index.php?rest_route=\/wp\/v2\/project"}],"about":[{"href":"https:\/\/atviajes.net\/index.php?rest_route=\/wp\/v2\/types\/project"}],"author":[{"embeddable":true,"href":"https:\/\/atviajes.net\/index.php?rest_route=\/wp\/v2\/users\/3"}],"replies":[{"embeddable":true,"href":"https:\/\/atviajes.net\/index.php?rest_route=%2Fwp%2Fv2%2Fcomments&post=207645"}],"version-history":[{"count":5,"href":"https:\/\/atviajes.net\/index.php?rest_route=\/wp\/v2\/project\/207645\/revisions"}],"predecessor-version":[{"id":207891,"href":"https:\/\/atviajes.net\/index.php?rest_route=\/wp\/v2\/project\/207645\/revisions\/207891"}],"wp:featuredmedia":[{"embeddable":true,"href":"https:\/\/atviajes.net\/index.php?rest_route=\/wp\/v2\/media\/207649"}],"wp:attachment":[{"href":"https:\/\/atviajes.net\/index.php?rest_route=%2Fwp%2Fv2%2Fmedia&parent=207645"}],"wp:term":[{"taxonomy":"project_category","embeddable":true,"href":"https:\/\/atviajes.net\/index.php?rest_route=%2Fwp%2Fv2%2Fproject_category&post=207645"},{"taxonomy":"project_tag","embeddable":true,"href":"https:\/\/atviajes.net\/index.php?rest_route=%2Fwp%2Fv2%2Fproject_tag&post=207645"}],"curies":[{"name":"wp","href":"https:\/\/api.w.org\/{rel}","templated":true}]}}