{"id":207786,"date":"2026-01-05T08:57:37","date_gmt":"2026-01-05T07:57:37","guid":{"rendered":"https:\/\/atviajes.net\/?post_type=project&#038;p=207786"},"modified":"2026-01-05T09:29:11","modified_gmt":"2026-01-05T08:29:11","slug":"croacia-cultural","status":"publish","type":"project","link":"https:\/\/atviajes.net\/?project=croacia-cultural","title":{"rendered":"CROACIA CULTURAL"},"content":{"rendered":"<p>[et_pb_section fb_built=\u00bb1&#8243; _builder_version=\u00bb4.16&#8243; global_colors_info=\u00bb{}\u00bb][et_pb_row column_structure=\u00bb3_4,1_4&#8243; _builder_version=\u00bb4.16&#8243; background_size=\u00bbinitial\u00bb background_position=\u00bbtop_left\u00bb background_repeat=\u00bbrepeat\u00bb custom_margin=\u00bb22px||6px||false|false\u00bb global_colors_info=\u00bb{}\u00bb][et_pb_column type=\u00bb3_4&#8243; _builder_version=\u00bb4.16&#8243; custom_padding=\u00bb|||\u00bb global_colors_info=\u00bb{}\u00bb custom_padding__hover=\u00bb|||\u00bb][et_pb_post_title meta=\u00bboff\u00bb featured_placement=\u00bbabove\u00bb _builder_version=\u00bb4.24.0&#8243; title_text_align=\u00bbcenter\u00bb title_text_color=\u00bb#c61b1b\u00bb title_font_size=\u00bb40px\u00bb title_line_height=\u00bb1.4em\u00bb meta_text_align=\u00bbcenter\u00bb text_orientation=\u00bbcenter\u00bb custom_margin=\u00bb0px||8px||false|false\u00bb custom_padding=\u00bb20px||0px||false|false\u00bb global_colors_info=\u00bb{}\u00bb][\/et_pb_post_title][et_pb_text _builder_version=\u00bb4.27.5&#8243; header_3_line_height=\u00bb2.1em\u00bb header_4_line_height=\u00bb1.8em\u00bb custom_margin=\u00bb-7px||5px|\u00bb global_colors_info=\u00bb{}\u00bb]<\/p>\n<h1 class=\"p1\" style=\"text-align: center;\"><span style=\"color: #800000;\"><b>VIAJE EN GRUPO con salida desde Murcia<\/b><\/span><\/h1>\n<h2 style=\"text-align: center;\"><strong>CROACIA CULTURAL<\/strong><\/h2>\n<h3 style=\"text-align: center;\">DEL 05 AL 09 DE JUNIO 2026 (5 D\u00cdAS)<\/h3>\n<h4 style=\"text-align: center;\">Puente de la Regi\u00f3n de Murcia<\/h4>\n<p class=\"p1\">Este no es un viaje tur\u00edstico convencional, sino una <strong>traves\u00eda cultural profunda por el Adri\u00e1tico norte<\/strong>, una regi\u00f3n donde durante siglos la herencia romana, veneciana y austroh\u00fangara ha convivido en armon\u00eda. Un itinerario dise\u00f1ado por <strong>AT VIAJES<\/strong> para quienes buscan belleza, historia y una elegancia atemporal.<\/p>\n<p class=\"p1\">Una experiencia que incluye varios enclaves <strong>Patrimonio de la Humanidad de la UNESCO<\/strong>, como las<strong> Cuevas de Postojna, la Bas\u00edlica Eufrasiana de Pore\u010d y el Parque Nacional de Plitvice<\/strong>, pensada para quienes no desean acumular destinos, sino sentirse parte de una regi\u00f3n hist\u00f3rica y profundamente humana.<\/p>\n<p class=\"p1\">Desde <strong>Trieste y Se\u017eana<\/strong>, pasando por las impresionantes <strong>Cuevas de Postojna, la costa de Istria con Pore\u010d, Rovinj, Pula y Opatija<\/strong>, hasta el espectacular <strong>Parque Nacional de los Lagos de Plitvice<\/strong> y la vibrante <strong>Zagreb<\/strong>, el viaje se construye como un relato continuo, donde cada lugar da sentido al siguiente.<\/p>\n<p>Y como siempre contaremos con un gu\u00eda de habla espa\u00f1ola y un delegado de <span style=\"color: #800000;\">AT <strong>VIAJES <\/strong><\/span>durante todo el viaje.<\/p>\n<p><strong>Si desea m\u00e1s informaci\u00f3n rellene el siguiente formulario y le mandaremos el programa completo.<\/strong><\/p>\n<p>[\/et_pb_text][et_pb_contact_form email=\u00bbantonio@atviajes.es\u00bb title=\u00bbM\u00e1s informaci\u00f3n sobre nuestros Viajes\u00bb custom_message=\u00bbEste es un mensaje del formulario de viajes||et_pb_line_break_holder||||et_pb_line_break_holder||Nombre: %%Field_1%%||et_pb_line_break_holder||||et_pb_line_break_holder||MAIL: %%Field_2%%||et_pb_line_break_holder||||et_pb_line_break_holder||Tel\u00e9fono: %%Field_3%%||et_pb_line_break_holder||||et_pb_line_break_holder||INTERES EN LOS VIAJES DE: %%Field_4%%||et_pb_line_break_holder||||et_pb_line_break_holder||Asunto: %%Field_5%%\u00bb success_message=\u00bbEn breve le mandaremos toda la informaci\u00f3n del viaje. Gracias por contactarnos. \u00bb submit_button_text=\u00bbENVIAR\u00bb module_id=\u00bbet_pb_contact_form_0&#8243; _builder_version=\u00bb4.27.5&#8243; _unique_id=\u00bb8050edba-6ae1-41ef-a820-de75f868fe83&#8243; custom_button=\u00bbon\u00bb button_text_color=\u00bb#ffffff\u00bb button_bg_color=\u00bb#c62c1b\u00bb custom_margin=\u00bb30px||||false|false\u00bb hover_enabled=\u00bb0&#8243; global_module=\u00bb204669&#8243; saved_tabs=\u00bball\u00bb global_colors_info=\u00bb{}\u00bb sticky_enabled=\u00bb0&#8243;][et_pb_contact_field field_id=\u00bbField_1&#8243; field_title=\u00bbNombre\u00bb fullwidth_field=\u00bbon\u00bb _builder_version=\u00bb4.16&#8243; global_colors_info=\u00bb{}\u00bb button_text_size__hover_enabled=\u00bboff\u00bb button_one_text_size__hover_enabled=\u00bboff\u00bb button_two_text_size__hover_enabled=\u00bboff\u00bb button_text_color__hover_enabled=\u00bboff\u00bb button_one_text_color__hover_enabled=\u00bboff\u00bb button_two_text_color__hover_enabled=\u00bboff\u00bb button_border_width__hover_enabled=\u00bboff\u00bb button_one_border_width__hover_enabled=\u00bboff\u00bb button_two_border_width__hover_enabled=\u00bboff\u00bb button_border_color__hover_enabled=\u00bboff\u00bb button_one_border_color__hover_enabled=\u00bboff\u00bb button_two_border_color__hover_enabled=\u00bboff\u00bb button_border_radius__hover_enabled=\u00bboff\u00bb button_one_border_radius__hover_enabled=\u00bboff\u00bb button_two_border_radius__hover_enabled=\u00bboff\u00bb button_letter_spacing__hover_enabled=\u00bboff\u00bb button_one_letter_spacing__hover_enabled=\u00bboff\u00bb button_two_letter_spacing__hover_enabled=\u00bboff\u00bb button_bg_color__hover_enabled=\u00bboff\u00bb button_one_bg_color__hover_enabled=\u00bboff\u00bb button_two_bg_color__hover_enabled=\u00bboff\u00bb][\/et_pb_contact_field][et_pb_contact_field field_id=\u00bbField_2&#8243; field_title=\u00bbDirecci\u00f3n de correo electr\u00f3nico\u00bb field_type=\u00bbemail\u00bb fullwidth_field=\u00bbon\u00bb _builder_version=\u00bb4.16&#8243; global_colors_info=\u00bb{}\u00bb button_text_size__hover_enabled=\u00bboff\u00bb button_one_text_size__hover_enabled=\u00bboff\u00bb button_two_text_size__hover_enabled=\u00bboff\u00bb button_text_color__hover_enabled=\u00bboff\u00bb button_one_text_color__hover_enabled=\u00bboff\u00bb button_two_text_color__hover_enabled=\u00bboff\u00bb button_border_width__hover_enabled=\u00bboff\u00bb button_one_border_width__hover_enabled=\u00bboff\u00bb button_two_border_width__hover_enabled=\u00bboff\u00bb button_border_color__hover_enabled=\u00bboff\u00bb button_one_border_color__hover_enabled=\u00bboff\u00bb button_two_border_color__hover_enabled=\u00bboff\u00bb button_border_radius__hover_enabled=\u00bboff\u00bb button_one_border_radius__hover_enabled=\u00bboff\u00bb button_two_border_radius__hover_enabled=\u00bboff\u00bb button_letter_spacing__hover_enabled=\u00bboff\u00bb button_one_letter_spacing__hover_enabled=\u00bboff\u00bb button_two_letter_spacing__hover_enabled=\u00bboff\u00bb button_bg_color__hover_enabled=\u00bboff\u00bb button_one_bg_color__hover_enabled=\u00bboff\u00bb button_two_bg_color__hover_enabled=\u00bboff\u00bb][\/et_pb_contact_field][et_pb_contact_field field_id=\u00bbField_3&#8243; field_title=\u00bbTel\u00e9fono\u00bb fullwidth_field=\u00bbon\u00bb _builder_version=\u00bb4.16&#8243; global_colors_info=\u00bb{}\u00bb button_text_size__hover_enabled=\u00bboff\u00bb button_one_text_size__hover_enabled=\u00bboff\u00bb button_two_text_size__hover_enabled=\u00bboff\u00bb button_text_color__hover_enabled=\u00bboff\u00bb button_one_text_color__hover_enabled=\u00bboff\u00bb button_two_text_color__hover_enabled=\u00bboff\u00bb button_border_width__hover_enabled=\u00bboff\u00bb button_one_border_width__hover_enabled=\u00bboff\u00bb button_two_border_width__hover_enabled=\u00bboff\u00bb button_border_color__hover_enabled=\u00bboff\u00bb button_one_border_color__hover_enabled=\u00bboff\u00bb button_two_border_color__hover_enabled=\u00bboff\u00bb button_border_radius__hover_enabled=\u00bboff\u00bb button_one_border_radius__hover_enabled=\u00bboff\u00bb button_two_border_radius__hover_enabled=\u00bboff\u00bb button_letter_spacing__hover_enabled=\u00bboff\u00bb button_one_letter_spacing__hover_enabled=\u00bboff\u00bb button_two_letter_spacing__hover_enabled=\u00bboff\u00bb button_bg_color__hover_enabled=\u00bboff\u00bb button_one_bg_color__hover_enabled=\u00bboff\u00bb button_two_bg_color__hover_enabled=\u00bboff\u00bb][\/et_pb_contact_field][et_pb_contact_field field_id=\u00bbField_4&#8243; field_title=\u00bbSeleccione su Viaje\u00bb field_type=\u00bbcheckbox\u00bb checkbox_options=\u00bb%91{%22value%22:%22SAFARI EN KENIA  DEL 28 MARZO AL 03 ABRIL 2026.%22,%22checked%22:0,%22dragID%22:-1},{%22value%22:%22EGIPTO + CRUCERO POR EL NILO + ABU SIMBEL EN BUS PRIVADO. DEL 04 ABRIL AL 11 DE ABRIL 2026%22,%22checked%22:0,%22dragID%22:0},{%22value%22:%22ESTAMBUL DEL 05 AL 09 DE JUNIO 2026. (PUENTE DE LA REGI\u00d3N DE MURCIA)%22,%22checked%22:0,%22dragID%22:1},{%22value%22:%22CROACIA CULTURAL DEL 05 AL 09 DE JUNIO 2026. (PUENTE DE LA REGI\u00d3N DE MURCIA)%22,%22checked%22:0,%22dragID%22:9},{%22value%22:%22RUMANIA. DEL 06 AL 09 DE JUNIO 2026. (PUENTE DE LA REGI\u00d3N DE MURCIA)%22,%22checked%22:0,%22dragID%22:2},{%22value%22:%22Las Monta\u00f1as Rocosas Canadienses y las Maravillas  de la Costa Oeste. DEL 04 AL 15 DE JULIO 2026%22,%22checked%22:0,%22dragID%22:3},{%22value%22:%22ISLANDIA DE NORTE A SUR. DEL 18 AL 25 DE JULIO-2026%22,%22checked%22:0,%22dragID%22:4},{%22value%22:%22CANAD\u00c1 COSTA ESTE + CATARATAS DEL NIAGARA. DEL 18 AL 28 DE JULIO 2026.%22,%22checked%22:0,%22dragID%22:5},{%22value%22:%22ISLANDIA DE SUR A NORTE. DEL 01 AL 08 DE AGOSTO-2026%22,%22checked%22:0,%22dragID%22:6},{%22value%22:%22SRI LANKA (%92%22Perla del \u00cdndico%92%22) DEL 01 AL 16 DE AGOSTO 2026 (16 D\u00cdAS)%22,%22checked%22:0,%22dragID%22:7},{%22value%22:%22ARGENTINA. DEL 03 AL 14 AGOSTO 2026%22,%22checked%22:0,%22dragID%22:8}%93&#8243; required_mark=\u00bboff\u00bb fullwidth_field=\u00bbon\u00bb _builder_version=\u00bb4.27.5&#8243; hover_enabled=\u00bb0&#8243; global_colors_info=\u00bb{}\u00bb button_text_size__hover_enabled=\u00bboff\u00bb button_one_text_size__hover_enabled=\u00bboff\u00bb button_two_text_size__hover_enabled=\u00bboff\u00bb button_text_color__hover_enabled=\u00bboff\u00bb button_one_text_color__hover_enabled=\u00bboff\u00bb button_two_text_color__hover_enabled=\u00bboff\u00bb button_border_width__hover_enabled=\u00bboff\u00bb button_one_border_width__hover_enabled=\u00bboff\u00bb button_two_border_width__hover_enabled=\u00bboff\u00bb button_border_color__hover_enabled=\u00bboff\u00bb button_one_border_color__hover_enabled=\u00bboff\u00bb button_two_border_color__hover_enabled=\u00bboff\u00bb button_border_radius__hover_enabled=\u00bboff\u00bb button_one_border_radius__hover_enabled=\u00bboff\u00bb button_two_border_radius__hover_enabled=\u00bboff\u00bb button_letter_spacing__hover_enabled=\u00bboff\u00bb button_one_letter_spacing__hover_enabled=\u00bboff\u00bb button_two_letter_spacing__hover_enabled=\u00bboff\u00bb button_bg_color__hover_enabled=\u00bboff\u00bb button_one_bg_color__hover_enabled=\u00bboff\u00bb button_two_bg_color__hover_enabled=\u00bboff\u00bb sticky_enabled=\u00bb0&#8243;][\/et_pb_contact_field][et_pb_contact_field field_id=\u00bbField_5&#8243; field_title=\u00bbMensaje\u00bb field_type=\u00bbtext\u00bb fullwidth_field=\u00bbon\u00bb _builder_version=\u00bb4.16&#8243; global_colors_info=\u00bb{}\u00bb button_text_size__hover_enabled=\u00bboff\u00bb button_one_text_size__hover_enabled=\u00bboff\u00bb button_two_text_size__hover_enabled=\u00bboff\u00bb button_text_color__hover_enabled=\u00bboff\u00bb button_one_text_color__hover_enabled=\u00bboff\u00bb button_two_text_color__hover_enabled=\u00bboff\u00bb button_border_width__hover_enabled=\u00bboff\u00bb button_one_border_width__hover_enabled=\u00bboff\u00bb button_two_border_width__hover_enabled=\u00bboff\u00bb button_border_color__hover_enabled=\u00bboff\u00bb button_one_border_color__hover_enabled=\u00bboff\u00bb button_two_border_color__hover_enabled=\u00bboff\u00bb button_border_radius__hover_enabled=\u00bboff\u00bb button_one_border_radius__hover_enabled=\u00bboff\u00bb button_two_border_radius__hover_enabled=\u00bboff\u00bb button_letter_spacing__hover_enabled=\u00bboff\u00bb button_one_letter_spacing__hover_enabled=\u00bboff\u00bb button_two_letter_spacing__hover_enabled=\u00bboff\u00bb button_bg_color__hover_enabled=\u00bboff\u00bb button_one_bg_color__hover_enabled=\u00bboff\u00bb button_two_bg_color__hover_enabled=\u00bboff\u00bb][\/et_pb_contact_field][et_pb_contact_field field_id=\u00bbField_7&#8243; field_title=\u00bbSUSCRIPCI\u00d3N NEWSLETTER\u00bb field_type=\u00bbradio\u00bb radio_options=\u00bb%91{%22value%22:%22Le informamos que los datos de car\u00e1cter personal proporcionados a trav\u00e9s del presente formulario, ser\u00e1n tratados por AT VIAJES como responsable de esta web. La finalidad de la recogida y tratamiento de los datos personales que le solicitamos es la de la suscripci\u00f3n a nuestro newsletter, que ser\u00e1 enviado a su email de registro. La legitimaci\u00f3n del consentimiento se realiza a trav\u00e9s de la marcaci\u00f3n de la casilla. Los datos facilitados estar\u00e1n ubicados en los servidores con medidas de seguridad seg\u00fan NRGPD y Ley 3\/2018. Ud. podr\u00e1 ejercer los derechos de acceso, rectificaci\u00f3n, cancelaci\u00f3n y oposici\u00f3n, as\u00ed como el de portabilidad, limitaci\u00f3n y retirada, utilizando los formularios habilitados que disponemos para ellos solicit\u00e1ndolos al email viajes@atviajes.es, as\u00ed como el derecho de presentar una reclamaci\u00f3n ante una autoridad de control. Puede consultar la informaci\u00f3n adicional y detallada sobre Protecci\u00f3n de Datos en nuestra Pol\u00edtica de privacidad %22,%22checked%22:1,%22dragID%22:-1}%93&#8243; required_mark=\u00bboff\u00bb fullwidth_field=\u00bbon\u00bb _builder_version=\u00bb4.16&#8243; _module_preset=\u00bbdefault\u00bb form_field_font_size=\u00bb9px\u00bb text_orientation=\u00bbleft\u00bb global_colors_info=\u00bb{}\u00bb][\/et_pb_contact_field][et_pb_contact_field field_id=\u00bbField_6&#8243; field_title=\u00bbAcepto\u00bb field_type=\u00bbcheckbox\u00bb checkbox_options=\u00bb%91{%22value%22:%22He le\u00eddo y acepto la pol\u00edtica de privacidad%22,%22checked%22:0,%22dragID%22:-1,%22link_url%22:%22http:\/\/atviajes.net\/?page_id=204841%22}%93&#8243; fullwidth_field=\u00bbon\u00bb _builder_version=\u00bb4.16&#8243; global_colors_info=\u00bb{}\u00bb button_text_size__hover_enabled=\u00bboff\u00bb button_one_text_size__hover_enabled=\u00bboff\u00bb button_two_text_size__hover_enabled=\u00bboff\u00bb button_text_color__hover_enabled=\u00bboff\u00bb button_one_text_color__hover_enabled=\u00bboff\u00bb button_two_text_color__hover_enabled=\u00bboff\u00bb button_border_width__hover_enabled=\u00bboff\u00bb button_one_border_width__hover_enabled=\u00bboff\u00bb button_two_border_width__hover_enabled=\u00bboff\u00bb button_border_color__hover_enabled=\u00bboff\u00bb button_one_border_color__hover_enabled=\u00bboff\u00bb button_two_border_color__hover_enabled=\u00bboff\u00bb button_border_radius__hover_enabled=\u00bboff\u00bb button_one_border_radius__hover_enabled=\u00bboff\u00bb button_two_border_radius__hover_enabled=\u00bboff\u00bb button_letter_spacing__hover_enabled=\u00bboff\u00bb button_one_letter_spacing__hover_enabled=\u00bboff\u00bb button_two_letter_spacing__hover_enabled=\u00bboff\u00bb button_bg_color__hover_enabled=\u00bboff\u00bb button_one_bg_color__hover_enabled=\u00bboff\u00bb button_two_bg_color__hover_enabled=\u00bboff\u00bb][\/et_pb_contact_field][\/et_pb_contact_form][\/et_pb_column][et_pb_column type=\u00bb1_4&#8243; _builder_version=\u00bb4.16&#8243; custom_padding=\u00bb|||\u00bb global_colors_info=\u00bb{}\u00bb custom_padding__hover=\u00bb|||\u00bb][et_pb_portfolio include_categories=\u00bb166,179,178,180,181&#8243; show_pagination=\u00bboff\u00bb module_id=\u00bbsidebar-projects\u00bb module_class=\u00bbsidebar-projects\u00bb _builder_version=\u00bb4.27.4&#8243; title_level=\u00bbh4&#8243; caption_font=\u00bb|800|||||||\u00bb caption_text_color=\u00bb#c91c3e\u00bb caption_font_size=\u00bb20&#8243; text_orientation=\u00bbcenter\u00bb border_radii_image=\u00bbon|15px|15px|15px|15px\u00bb global_module=\u00bb204998&#8243; saved_tabs=\u00bball\u00bb global_colors_info=\u00bb{}\u00bb][\/et_pb_portfolio][\/et_pb_column][\/et_pb_row][\/et_pb_section]<\/p>\n<span class=\"et_bloom_bottom_trigger\"><\/span>","protected":false},"excerpt":{"rendered":"<p>DEL 05 AL 09 DE JUNIO (5 D\u00cdAS)<br \/>\n(PUENTE DE LA REGI\u00d3N DE MURCIA)<\/p>\n","protected":false},"author":3,"featured_media":207791,"comment_status":"closed","ping_status":"closed","template":"","meta":{"_et_pb_use_builder":"on","_et_pb_old_content":"","_et_gb_content_width":"","_joinchat":[],"footnotes":""},"project_category":[179],"project_tag":[],"class_list":["post-207786","project","type-project","status-publish","has-post-thumbnail","hentry","project_category-junio-2025"],"_links":{"self":[{"href":"https:\/\/atviajes.net\/index.php?rest_route=\/wp\/v2\/project\/207786","targetHints":{"allow":["GET"]}}],"collection":[{"href":"https:\/\/atviajes.net\/index.php?rest_route=\/wp\/v2\/project"}],"about":[{"href":"https:\/\/atviajes.net\/index.php?rest_route=\/wp\/v2\/types\/project"}],"author":[{"embeddable":true,"href":"https:\/\/atviajes.net\/index.php?rest_route=\/wp\/v2\/users\/3"}],"replies":[{"embeddable":true,"href":"https:\/\/atviajes.net\/index.php?rest_route=%2Fwp%2Fv2%2Fcomments&post=207786"}],"version-history":[{"count":5,"href":"https:\/\/atviajes.net\/index.php?rest_route=\/wp\/v2\/project\/207786\/revisions"}],"predecessor-version":[{"id":207796,"href":"https:\/\/atviajes.net\/index.php?rest_route=\/wp\/v2\/project\/207786\/revisions\/207796"}],"wp:featuredmedia":[{"embeddable":true,"href":"https:\/\/atviajes.net\/index.php?rest_route=\/wp\/v2\/media\/207791"}],"wp:attachment":[{"href":"https:\/\/atviajes.net\/index.php?rest_route=%2Fwp%2Fv2%2Fmedia&parent=207786"}],"wp:term":[{"taxonomy":"project_category","embeddable":true,"href":"https:\/\/atviajes.net\/index.php?rest_route=%2Fwp%2Fv2%2Fproject_category&post=207786"},{"taxonomy":"project_tag","embeddable":true,"href":"https:\/\/atviajes.net\/index.php?rest_route=%2Fwp%2Fv2%2Fproject_tag&post=207786"}],"curies":[{"name":"wp","href":"https:\/\/api.w.org\/{rel}","templated":true}]}}